{"id":683,"date":"2018-07-25T15:06:14","date_gmt":"2018-07-25T18:06:14","guid":{"rendered":"https:\/\/iesstarosa-slu.infd.edu.ar\/sitio\/?page_id=683"},"modified":"2026-04-23T16:00:22","modified_gmt":"2026-04-23T19:00:22","slug":"institucional","status":"publish","type":"page","link":"https:\/\/iesstarosa-slu.infd.edu.ar\/sitio\/institucional\/","title":{"rendered":"INSTITUCIONAL"},"content":{"rendered":"<h2 style=\"text-align: center;\"><span style=\"color: #339966;\"><strong><img decoding=\"async\" loading=\"lazy\" class=\"wp-image-806 alignleft\" src=\"https:\/\/iesstarosa-slu.infd.edu.ar\/sitio\/wp-content\/uploads\/2021\/05\/Imagen-del-Decreto.jpg\" alt=\"\" width=\"136\" height=\"224\"><br><\/strong><\/span><\/h2>\n<h3 style=\"text-align: center;\"><strong>Decreto N\u00ba 3586-ME-2020<\/strong><\/h3>\n<p>Creaci\u00f3n ISEeI Santa Rosa del Conlara<\/p>\n<hr>\n<p>Por&nbsp;<strong>Decreto N\u00ba 3586-ME-2020<\/strong>&nbsp;(<em>San Luis, 01\/07\/2020<\/em>) se cre\u00f3 el <em><strong>Instituto Superior de Educaci\u00f3n e Innovaci\u00f3n<\/strong><\/em>, de car\u00e1cter mixto, de formaci\u00f3n docente, de formaci\u00f3n t\u00e9cnico profesional de nivel superior y de formaci\u00f3n art\u00edstica, con sede en la ciudad de Santa Rosa del Conlara, departamento Jun\u00edn, provincia de San Luis.<\/p>\n<h5 style=\"text-align: right;\"><a href=\"https:\/\/drive.google.com\/file\/d\/1CBkhHgdkD8Vw9BexzXOYiOwaFhkzwjph\/view?usp=sharing\"><em>&nbsp;Decreto<\/em><\/a><\/h5>\n<pre style=\"text-align: center;\"><a href=\"https:\/\/reffod.infd.edu.ar\/\"><em><strong>Registro Federal de Instituciones y Ofertas de Formaci\u00f3n Docente - INFoD<\/strong><\/em><\/a><\/pre>\n<p style=\"text-align: center;\">&nbsp; &nbsp; &nbsp; <img decoding=\"async\" loading=\"lazy\" class=\"alignnone size-full wp-image-1621\" src=\"https:\/\/iesstarosa-slu.infd.edu.ar\/sitio\/wp-content\/uploads\/2024\/02\/logo-ministerio-de-educacion-2024.png\" alt=\"\" width=\"225\" height=\"225\"><\/p>\n<p style=\"text-align: center;\"><em><strong>Contacto<\/strong><\/em><\/p>\n<p style=\"text-align: center;\"><span style=\"color: #0000ff;\">&nbsp; santarosadelconlaraiseei2024<em>@gmail.com<\/em><\/span><\/p>\n<p><\/p>\n<p style=\"text-align: center;\"><\/p>\n\n\n<figure class=\"wp-block-gallery has-nested-images columns-default is-cropped wp-block-gallery-1 is-layout-flex\">\n<figure class=\"wp-block-image size-full\"><a href=\"https:\/\/iesstarosa-slu.infd.edu.ar\/sitio\/wp-content\/uploads\/2024\/07\/CONCURSO-1.jpg\"><img decoding=\"async\" loading=\"lazy\" width=\"700\" height=\"322\" data-id=\"1947\"  src=\"https:\/\/iesstarosa-slu.infd.edu.ar\/sitio\/wp-content\/uploads\/2024\/07\/CONCURSO-1.jpg\" alt=\"\" class=\"wp-image-1947\"\/><\/a><\/figure>\n<\/figure>\n\n\n\n<div class=\"wp-block-file\"><object class=\"wp-block-file__embed\" data=\"https:\/\/iesstarosa-slu.infd.edu.ar\/sitio\/wp-content\/uploads\/2024\/07\/Res.-70-ME-2023-Reglamentacion-de-llamados.pdf\" type=\"application\/pdf\" style=\"width:100%;height:600px\" aria-label=\"Incrustado de Res.-70-ME-2023-Reglamentacion-de-llamados.\"><\/object><a id=\"wp-block-file--media-40875c31-e44b-4a81-9fa4-97b5e6cd18e7\" href=\"https:\/\/iesstarosa-slu.infd.edu.ar\/sitio\/wp-content\/uploads\/2024\/07\/Res.-70-ME-2023-Reglamentacion-de-llamados.pdf\">Res.-70-ME-2023-Reglamentacion-de-llamados<\/a><a href=\"https:\/\/iesstarosa-slu.infd.edu.ar\/sitio\/wp-content\/uploads\/2024\/07\/Res.-70-ME-2023-Reglamentacion-de-llamados.pdf\" class=\"wp-block-file__button wp-element-button\" download aria-describedby=\"wp-block-file--media-40875c31-e44b-4a81-9fa4-97b5e6cd18e7\">Descarga<\/a><\/div>\n\n\n\n<div class=\"wp-block-file\"><object class=\"wp-block-file__embed\" data=\"https:\/\/iesstarosa-slu.infd.edu.ar\/sitio\/wp-content\/uploads\/2025\/03\/Plan-de-estudio-1.pdf\" type=\"application\/pdf\" style=\"width:100%;height:600px\" aria-label=\"Incrustado de Plan-de-estudio-1.\"><\/object><a id=\"wp-block-file--media-8fd06242-6579-4097-8996-98da01998187\" href=\"https:\/\/iesstarosa-slu.infd.edu.ar\/sitio\/wp-content\/uploads\/2025\/03\/Plan-de-estudio-1.pdf\">Plan-de-estudio-1<\/a><a href=\"https:\/\/iesstarosa-slu.infd.edu.ar\/sitio\/wp-content\/uploads\/2025\/03\/Plan-de-estudio-1.pdf\" class=\"wp-block-file__button wp-element-button\" download aria-describedby=\"wp-block-file--media-8fd06242-6579-4097-8996-98da01998187\">Descarga<\/a><\/div>\n\n\n\n<div class=\"wp-block-file\"><object class=\"wp-block-file__embed\" data=\"https:\/\/iesstarosa-slu.infd.edu.ar\/sitio\/wp-content\/uploads\/2026\/04\/Resolucio\u0301n-7-2026-concurso-robo\u0301tica.pdf\" type=\"application\/pdf\" style=\"width:100%;height:600px\" aria-label=\"Incrustado de Resolucio\u0301n-7-2026-concurso-robo\u0301tica.\"><\/object><a id=\"wp-block-file--media-17042ea7-5396-43a6-ac57-a496ced37ea8\" href=\"https:\/\/iesstarosa-slu.infd.edu.ar\/sitio\/wp-content\/uploads\/2026\/04\/Resolucio\u0301n-7-2026-concurso-robo\u0301tica.pdf\">Resolucio\u0301n-7-2026-concurso-robo\u0301tica<\/a><a href=\"https:\/\/iesstarosa-slu.infd.edu.ar\/sitio\/wp-content\/uploads\/2026\/04\/Resolucio\u0301n-7-2026-concurso-robo\u0301tica.pdf\" class=\"wp-block-file__button wp-element-button\" download aria-describedby=\"wp-block-file--media-17042ea7-5396-43a6-ac57-a496ced37ea8\">Descarga<\/a><\/div>\n","protected":false},"excerpt":{"rendered":"<p>Decreto N\u00ba 3586-ME-2020 Creaci\u00f3n ISEeI Santa Rosa del Conlara Por&nbsp;Decreto N\u00ba 3586-ME-2020&nbsp;(San Luis, 01\/07\/2020) se cre\u00f3 el Instituto Superior de Educaci\u00f3n e Innovaci\u00f3n, de car\u00e1cter mixto, de formaci\u00f3n docente, de formaci\u00f3n t\u00e9cnico profesional de nivel superior y de formaci\u00f3n art\u00edstica, con sede en la ciudad de Santa Rosa del Conlara, departamento Jun\u00edn, provincia de San &#8230; <a title=\"INSTITUCIONAL\" class=\"read-more\" href=\"https:\/\/iesstarosa-slu.infd.edu.ar\/sitio\/institucional\/\" aria-label=\"More on INSTITUCIONAL\">[+]<\/a><\/p>\n","protected":false},"author":6,"featured_media":0,"parent":0,"menu_order":0,"comment_status":"closed","ping_status":"closed","template":"","meta":[],"acf":[],"_links":{"self":[{"href":"https:\/\/iesstarosa-slu.infd.edu.ar\/sitio\/wp-json\/wp\/v2\/pages\/683"}],"collection":[{"href":"https:\/\/iesstarosa-slu.infd.edu.ar\/sitio\/wp-json\/wp\/v2\/pages"}],"about":[{"href":"https:\/\/iesstarosa-slu.infd.edu.ar\/sitio\/wp-json\/wp\/v2\/types\/page"}],"author":[{"embeddable":true,"href":"https:\/\/iesstarosa-slu.infd.edu.ar\/sitio\/wp-json\/wp\/v2\/users\/6"}],"replies":[{"embeddable":true,"href":"https:\/\/iesstarosa-slu.infd.edu.ar\/sitio\/wp-json\/wp\/v2\/comments?post=683"}],"version-history":[{"count":77,"href":"https:\/\/iesstarosa-slu.infd.edu.ar\/sitio\/wp-json\/wp\/v2\/pages\/683\/revisions"}],"predecessor-version":[{"id":2190,"href":"https:\/\/iesstarosa-slu.infd.edu.ar\/sitio\/wp-json\/wp\/v2\/pages\/683\/revisions\/2190"}],"wp:attachment":[{"href":"https:\/\/iesstarosa-slu.infd.edu.ar\/sitio\/wp-json\/wp\/v2\/media?parent=683"}],"curies":[{"name":"wp","href":"https:\/\/api.w.org\/{rel}","templated":true}]}}