{"id":734,"date":"2018-07-26T10:49:22","date_gmt":"2018-07-26T13:49:22","guid":{"rendered":"https:\/\/iesstarosa-slu.infd.edu.ar\/sitio\/?page_id=734"},"modified":"2024-03-06T09:11:44","modified_gmt":"2024-03-06T12:11:44","slug":"plan-de-estudio","status":"publish","type":"page","link":"https:\/\/iesstarosa-slu.infd.edu.ar\/sitio\/catalogo\/plan-de-estudio\/","title":{"rendered":"Plan de Estudio"},"content":{"rendered":"<h1 style=\"text-align: center;\">Profesorado de Educaci\u00f3n Primaria con Orientaci\u00f3n en Educaci\u00f3n Domiciliaria y Hospitalaria<\/h1>\n<ul>\n<li>\n<pre><a href=\"https:\/\/drive.google.com\/file\/d\/1duHK6E1DXntYcH-VRytJ6uXt6S4bigYa\/view?usp=sharing\" target=\"_blank\" rel=\"noopener\">Resoluci\u00f3n N\u00ba3-ME-2022<\/a><\/pre>\n<\/li>\n<\/ul>\n<h4>Acerca de la carrera<\/h4>\n<p>La Ley de Educaci\u00f3n Nacional N\u00b0 26.206, define a la Educaci\u00f3n Domiciliaria y Hospitalaria como una modalidad del Sistema Educativo Nacional <span style=\"font-size: 16px; font-weight: bold; text-align: center; font-style: italic;\">\u201c destinada a garantizar el derecho a la educaci\u00f3n <\/span><span style=\"font-size: 16px; font-weight: bold; text-align: center; font-style: italic;\">de los\/as alumnos\/as que, por razones de salud, se ven imposibilitados\/as de asistir con regularidad a una <\/span><span style=\"font-size: 16px; font-weight: bold; text-align: center; font-style: italic;\">instituci\u00f3n educativa en los niveles de la educaci\u00f3n obligatoria\u201d.<\/span><\/p>\n<p>El objetivo de la misma, es garantizar la igualdad de oportunidades de los estudiantes, permitiendo la continuidad de los estudios, resguardando sus trayectorias escolares. Como principio rector de la pol\u00edtica educativa nacional, el reconocimiento de la Educaci\u00f3n domiciliaria y hospitalaria como modalidad, define un proceso de concreci\u00f3n de igualdad educativa hacia una poblaci\u00f3n en riesgo de ser marginada.<\/p>\n<h4>Finalidades formativas espec\u00edficas de la orientaci\u00f3n en Educaci\u00f3n hospitalaria y domiciliaria<\/h4>\n<ul>\n<li>Poder dise\u00f1ar alternativas para el desempe\u00f1o docente en la modalidad hospitalaria y domiciliaria, considerando las particularidades de la ense\u00f1anza individualizada y en el multigrado.<\/li>\n<li>Desarrollar propuestas para intervenir en la organizaci\u00f3n de las particularidades institucionales y el v\u00ednculo con el domicilio y el hospital.<\/li>\n<li>Dar cuenta de una pr\u00e1ctica llevada a cabo con un margen de flexibilidad muy considerable y con una sensibilidad que permita detectar las necesidades an\u00edmicas del otro para brindar un acompa\u00f1amiento educativo a medida.<\/li>\n<li>Reconocer la implicaci\u00f3n profesional y de la salud en las instituciones de desempe\u00f1o de la modalidad.<\/li>\n<\/ul>\n<h4>Perfil del egresado<\/h4>\n<p>Los egresados de la carrera de Profesorado de Educaci\u00f3n Primaria ser\u00e1n capaces de:<\/p>\n\n\n<ul>\n<li>Generar propuestas de ense\u00f1anza que consoliden e incrementen la incorporaci\u00f3n de contenidos relacionados con el patrimonio cultural y natural sanluise\u00f1o para el fortalecimiento de la Cultura y la Identidad Puntana.<\/li>\n\n\n\n<li>Fortalecer las pr\u00e1cticas de la lectoescritura, la interpretaci\u00f3n de textos y de las cuatro operaciones matem\u00e1ticas b\u00e1sicas.<\/li>\n\n\n\n<li>Innovar en el aula implementando propuestas de ense\u00f1anza para la comprensi\u00f3n que promuevan el aprendizaje significativo, el aprendizaje socio cultural, el aprendizaje basado en problemas, el aprendizaje orientado a proyectos, el aprendizaje colaborativo, el aprendizaje ubicuo, el aprendizaje basado en juegos y toda propuesta que permita el abordaje interdisciplinario, integral, complejo, diverso y contextualizado del proceso educativo.<\/li>\n\n\n\n<li>Establecer metodolog\u00edas orientadas al trabajo independiente como la investigaci\u00f3n documental, el uso de las TIC, la elaboraci\u00f3n de informes escritos, los trabajos con tablas y bases de datos, la elaboraci\u00f3n de planes de acci\u00f3n en tiempos determinados con elecci\u00f3n de alternativas, de ejercicios de expresi\u00f3n y comunicaci\u00f3n oral, los trabajos de campo, entre otros.<\/li>\n\n\n\n<li>Ampliar los horizontes culturales y sociales de las nuevas infancias y juventudes, promoviendo la calidad y la justicia, a partir del reconocimiento de la diversidad sociocultural de los\/as estudiantes.<\/li>\n\n\n\n<li>Atender las necesidades de las instituciones del Sistema Educativo Provincial, haciendo \u00e9nfasis en las Escuelas Generativas, como instituciones que tienen como centro la educaci\u00f3n innovadora, inclusiva y de calidad.<\/li>\n\n\n\n<li>Dise\u00f1ar, implementar y evaluar propuestas de ense\u00f1anza y aprendizaje flexibles y adaptadas, que atiendan fundamentalmente a aspectos vinculados con las necesidades propias de las y los estudiantes que por motivos de salud se ven impedidos de asistir con regularidad a una instituci\u00f3n educativa, favoreciendo la inclusi\u00f3n y el acceso a una educaci\u00f3n de calidad, asegurando la continuidad de las trayectorias escolares.<\/li>\n\n\n\n<li>Favorecer la libertad de los\/las estudiantes, tom\u00e1ndolos como centro del proceso de aprendizaje, atendiendo a sus diversas trayectorias enmarcadas en la l\u00f3gica de la ense\u00f1anza de la educaci\u00f3n domiciliaria y hospitalaria.<\/li>\n\n\n\n<li>Valorar la transmisi\u00f3n de conocimientos y valores ciudadanos asumi\u00e9ndose como agentes privilegiados en el reparto de la cultura, en instituciones educativas con caracter\u00edsticas diversas, especialmente en ambientes domiciliarios y hospitalarios.<\/li>\n\n\n\n<li>Redise\u00f1ar los espacios para el aprendizaje, incentivar nuevos modos de interacci\u00f3n social y de utilizaci\u00f3n del tiempo; conformar equipos de docentes\/coordinadores con din\u00e1micas m\u00e1s horizontales y participativas; desarrollar sus propios dispositivos de evaluaci\u00f3n en base al proyecto educativo innovador; establecer acuerdos de convivencia desde un trabajo colectivo y democr\u00e1tico<\/li>\n\n\n\n<li>Reconocer el estudio sistem\u00e1tico, reflexivo y continuo como propiciador de la profesionalizaci\u00f3n del rol docente realizando actividades en espacios de educaci\u00f3n no formales; desarrollando proyectos educativos institucionales contextualizados y desde un eje disparador como el deporte, la danza, la comunicaci\u00f3n, el medio ambiente, la m\u00fasica, el teatro, la inform\u00e1tica, las ciencias, etc.<\/li>\n\n\n\n<li>Asumir una actitud reflexiva sobre las propias pr\u00e1cticas de ense\u00f1anza para optimizar la comprensi\u00f3n e intervenci\u00f3n sobre las mismas<\/li>\n\n\n\n<li>Articular con los niveles Inicial y Secundario, sobre la base de los marcos curriculares nacionales y jurisdiccionales.<\/li>\n\n\n\n<li>Ampliar su propio horizonte cultural m\u00e1s all\u00e1 de los contenidos imprescindibles para ense\u00f1ar en la clase.<\/li>\n<\/ul>\n\n\n\n<h4 class=\"wp-block-heading\">Plan de estudios<\/h4>\n\n\n\n<p><strong>Duraci\u00f3n: 4 a\u00f1os<\/strong><\/p>\n\n\n\n<p><strong>Materias de 1\u00ba A\u00f1o<\/strong><\/p>\n\n\n\n<figure class=\"wp-block-table aligncenter is-style-stripes\"><table><tbody><tr><td class=\"has-text-align-left\" data-align=\"left\"><strong>Nombre<\/strong><\/td><td class=\"has-text-align-center\" data-align=\"center\"><strong>Carga horaria<\/strong><\/td><td class=\"has-text-align-center\" data-align=\"center\"><strong>Tipo<\/strong><\/td><td class=\"has-text-align-center\" data-align=\"center\"><strong>Per\u00edodo<\/strong><\/td><\/tr><tr><td class=\"has-text-align-left\" data-align=\"left\">Alfabetizaci\u00f3n Acad\u00e9mica<\/td><td class=\"has-text-align-center\" data-align=\"center\">48 hs<\/td><td class=\"has-text-align-center\" data-align=\"center\">Taller<\/td><td class=\"has-text-align-center\" data-align=\"center\">1\u00ba Cuatrimestre<\/td><\/tr><tr><td class=\"has-text-align-left\" data-align=\"left\">Alfabetizaci\u00f3n Digital<\/td><td class=\"has-text-align-center\" data-align=\"center\">48 hs<\/td><td class=\"has-text-align-center\" data-align=\"center\">Taller<\/td><td class=\"has-text-align-center\" data-align=\"center\">1\u00ba Cuatrimestre<\/td><\/tr><tr><td class=\"has-text-align-left\" data-align=\"left\">Lengua y Literatura<\/td><td class=\"has-text-align-center\" data-align=\"center\">64 hs<\/td><td class=\"has-text-align-center\" data-align=\"center\">Materia<\/td><td class=\"has-text-align-center\" data-align=\"center\">1\u00ba Cuatrimestre<\/td><\/tr><tr><td class=\"has-text-align-left\" data-align=\"left\">Matem\u00e1tica<\/td><td class=\"has-text-align-center\" data-align=\"center\">64 hs<\/td><td class=\"has-text-align-center\" data-align=\"center\">Materia<\/td><td class=\"has-text-align-center\" data-align=\"center\">1\u00ba Cuatrimestre<\/td><\/tr><tr><td class=\"has-text-align-left\" data-align=\"left\">Arte y Juego<\/td><td class=\"has-text-align-center\" data-align=\"center\">48 hs<\/td><td class=\"has-text-align-center\" data-align=\"center\">Taller Vivencial<\/td><td class=\"has-text-align-center\" data-align=\"center\">2\u00ba Cuatrimestre<\/td><\/tr><tr><td class=\"has-text-align-left\" data-align=\"left\">Pedagog\u00eda Social<\/td><td class=\"has-text-align-center\" data-align=\"center\">64 hs<\/td><td class=\"has-text-align-center\" data-align=\"center\">Materia<\/td><td class=\"has-text-align-center\" data-align=\"center\">2\u00ba Cuatrimestre<\/td><\/tr><tr><td class=\"has-text-align-left\" data-align=\"left\">Historia y Pol\u00edtica de la Educaci\u00f3n<br>Argentina y Latinoamericana<\/td><td class=\"has-text-align-center\" data-align=\"center\">64 hs<\/td><td class=\"has-text-align-center\" data-align=\"center\">Materia<\/td><td class=\"has-text-align-center\" data-align=\"center\">2\u00ba Cuatrimestre<\/td><\/tr><tr><td class=\"has-text-align-left\" data-align=\"left\">Ciencias Sociales<\/td><td class=\"has-text-align-center\" data-align=\"center\">64 hs<\/td><td class=\"has-text-align-center\" data-align=\"center\">Materia<\/td><td class=\"has-text-align-center\" data-align=\"center\">2\u00ba Cuatrimestre<\/td><\/tr><tr><td class=\"has-text-align-left\" data-align=\"left\">Ciencias Naturales<\/td><td class=\"has-text-align-center\" data-align=\"center\">64 hs<\/td><td class=\"has-text-align-center\" data-align=\"center\">Materia<\/td><td class=\"has-text-align-center\" data-align=\"center\">2\u00ba Cuatrimestre<\/td><\/tr><tr><td class=\"has-text-align-left\" data-align=\"left\">Pr\u00e1ctica Docente I<\/td><td class=\"has-text-align-center\" data-align=\"center\">80 hs<\/td><td class=\"has-text-align-center\" data-align=\"center\">Practica<\/td><td class=\"has-text-align-center\" data-align=\"center\">Anual<\/td><\/tr><tr><td class=\"has-text-align-left\" data-align=\"left\">Taller Integrador Orientado I<\/td><td class=\"has-text-align-center\" data-align=\"center\">64 hs<\/td><td class=\"has-text-align-center\" data-align=\"center\">Taller<\/td><td class=\"has-text-align-center\" data-align=\"center\">Anual<\/td><\/tr><\/tbody><\/table><\/figure>\n\n\n\n<p><strong>Materias de 2\u00ba A\u00f1o<\/strong><\/p>\n\n\n\n<figure class=\"wp-block-table aligncenter is-style-stripes\"><table><tbody><tr><td class=\"has-text-align-left\" data-align=\"left\"><strong>Nombre<\/strong><\/td><td class=\"has-text-align-center\" data-align=\"center\"><strong>Carga horaria<\/strong><\/td><td class=\"has-text-align-center\" data-align=\"center\"><strong>Tipo<\/strong><\/td><td class=\"has-text-align-center\" data-align=\"center\"><strong>Per\u00edodo<\/strong><\/td><\/tr><tr><td class=\"has-text-align-left\" data-align=\"left\">Psicolog\u00eda Educacional<\/td><td class=\"has-text-align-center\" data-align=\"center\">64 hs<\/td><td class=\"has-text-align-center\" data-align=\"center\">Materia<\/td><td class=\"has-text-align-center\" data-align=\"center\">1\u00ba Cuatrimestre<\/td><\/tr><tr><td class=\"has-text-align-left\" data-align=\"left\">Lenguajes Art\u00edsticos: Teatro<\/td><td class=\"has-text-align-center\" data-align=\"center\">32 hs<\/td><td class=\"has-text-align-center\" data-align=\"center\">Taller<\/td><td class=\"has-text-align-center\" data-align=\"center\">1\u00ba Cuatrimestre<\/td><\/tr><tr><td class=\"has-text-align-left\" data-align=\"left\">Sujetos de la Educaci\u00f3n Primaria<\/td><td class=\"has-text-align-center\" data-align=\"center\">48 hs<\/td><td class=\"has-text-align-center\" data-align=\"center\">Materia<\/td><td class=\"has-text-align-center\" data-align=\"center\">1\u00ba Cuatrimestre<\/td><\/tr><tr><td class=\"has-text-align-left\" data-align=\"left\">Filosof\u00eda de la Educaci\u00f3n <br>Contempor\u00e1nea<\/td><td class=\"has-text-align-center\" data-align=\"center\">48 hs<\/td><td class=\"has-text-align-center\" data-align=\"center\">Materia<\/td><td class=\"has-text-align-center\" data-align=\"center\">2\u00ba Cuatrimestre<\/td><\/tr><tr><td class=\"has-text-align-left\" data-align=\"left\">Did\u00e1ctica General<\/td><td class=\"has-text-align-center\" data-align=\"center\">64 hs<\/td><td class=\"has-text-align-center\" data-align=\"center\">Materia<\/td><td class=\"has-text-align-center\" data-align=\"center\">2\u00ba Cuatrimestre<\/td><\/tr><tr><td class=\"has-text-align-left\" data-align=\"left\">Sociolog\u00eda de la Educaci\u00f3n<\/td><td class=\"has-text-align-center\" data-align=\"center\">48 hs<\/td><td class=\"has-text-align-center\" data-align=\"center\">Materia<\/td><td class=\"has-text-align-center\" data-align=\"center\">2\u00ba Cuatrimestre<\/td><\/tr><tr><td class=\"has-text-align-left\" data-align=\"left\">Lengua, Literatura y su Did\u00e1ctica I<\/td><td class=\"has-text-align-center\" data-align=\"center\">96 hs<\/td><td class=\"has-text-align-center\" data-align=\"center\">Materia<\/td><td class=\"has-text-align-center\" data-align=\"center\">Anual<\/td><\/tr><tr><td class=\"has-text-align-left\" data-align=\"left\">Matem\u00e1tica y su Did\u00e1ctica I<\/td><td class=\"has-text-align-center\" data-align=\"center\">96 hs<\/td><td class=\"has-text-align-center\" data-align=\"center\">Materia<\/td><td class=\"has-text-align-center\" data-align=\"center\">Anual<\/td><\/tr><tr><td class=\"has-text-align-left\" data-align=\"left\">Ciencias Sociales y su Did\u00e1ctica I<\/td><td class=\"has-text-align-center\" data-align=\"center\">96 hs<\/td><td class=\"has-text-align-center\" data-align=\"center\">Materia<\/td><td class=\"has-text-align-center\" data-align=\"center\">Anual<\/td><\/tr><tr><td class=\"has-text-align-left\" data-align=\"left\">Ciencias Naturales y su Did\u00e1ctica I<\/td><td class=\"has-text-align-center\" data-align=\"center\">96 hs<\/td><td class=\"has-text-align-center\" data-align=\"center\">Materia<\/td><td class=\"has-text-align-center\" data-align=\"center\">Anual<\/td><\/tr><tr><td class=\"has-text-align-left\" data-align=\"left\">Pr\u00e1ctica Docente II<\/td><td class=\"has-text-align-center\" data-align=\"center\">96 hs<\/td><td class=\"has-text-align-center\" data-align=\"center\">Practica<\/td><td class=\"has-text-align-center\" data-align=\"center\">Anual<\/td><\/tr><tr><td class=\"has-text-align-left\" data-align=\"left\">Taller Integrador Orientado II <br>(Sujetos y Subjetividades de la <br>Educaci\u00f3n domiciliaria y hospitalaria)<\/td><td class=\"has-text-align-center\" data-align=\"center\">64 hs<\/td><td class=\"has-text-align-center\" data-align=\"center\">Taller<\/td><td class=\"has-text-align-center\" data-align=\"center\">Anual<\/td><\/tr><tr><td class=\"has-text-align-left\" data-align=\"left\">Seminario de Orientaci\u00f3n Integrado<br>(Curr\u00edculum Integrado y Diversidades)<\/td><td class=\"has-text-align-center\" data-align=\"center\">32 hs<\/td><td class=\"has-text-align-center\" data-align=\"center\">Seminario<\/td><td class=\"has-text-align-center\" data-align=\"center\">Mensual integrado<br>a la practica<\/td><\/tr><\/tbody><\/table><\/figure>\n\n\n\n<p><strong>Materias de 3\u00ba A\u00f1o<\/strong><\/p>\n\n\n\n<figure class=\"wp-block-table aligncenter is-style-stripes\"><table><tbody><tr><td class=\"has-text-align-left\" data-align=\"left\"><strong>Nombre<\/strong><\/td><td class=\"has-text-align-center\" data-align=\"center\"><strong>Carga horaria<\/strong><\/td><td class=\"has-text-align-center\" data-align=\"center\"><strong>Tipo<\/strong><\/td><td class=\"has-text-align-center\" data-align=\"center\"><strong>Per\u00edodo<\/strong><\/td><\/tr><tr><td class=\"has-text-align-left\" data-align=\"left\">Educaci\u00f3n Sexual Integral<\/td><td class=\"has-text-align-center\" data-align=\"center\">48 hs<\/td><td class=\"has-text-align-center\" data-align=\"center\">Taller<\/td><td class=\"has-text-align-center\" data-align=\"center\">1\u00ba Cuatrimestre<\/td><\/tr><tr><td class=\"has-text-align-left\" data-align=\"left\">Lenguajes Art\u00edsticos: M\u00fasica<\/td><td class=\"has-text-align-center\" data-align=\"center\">32 hs<\/td><td class=\"has-text-align-center\" data-align=\"center\">Taller<\/td><td class=\"has-text-align-center\" data-align=\"center\">1\u00ba Cuatrimestre<\/td><\/tr><tr><td class=\"has-text-align-left\" data-align=\"left\">Derechos Humanos y Ciudadan\u00eda<\/td><td class=\"has-text-align-center\" data-align=\"center\">48 hs<\/td><td class=\"has-text-align-center\" data-align=\"center\">Materia<\/td><td class=\"has-text-align-center\" data-align=\"center\">1\u00ba Cuatrimestre<\/td><\/tr><tr><td class=\"has-text-align-left\" data-align=\"left\">Alfabetizaci\u00f3n Inicial<\/td><td class=\"has-text-align-center\" data-align=\"center\">48 hs<\/td><td class=\"has-text-align-center\" data-align=\"center\">Taller<\/td><td class=\"has-text-align-center\" data-align=\"center\">2\u00ba Cuatrimestre<\/td><\/tr><tr><td class=\"has-text-align-left\" data-align=\"left\">Educaci\u00f3n Tecnol\u00f3gica<\/td><td class=\"has-text-align-center\" data-align=\"center\">64 hs<\/td><td class=\"has-text-align-center\" data-align=\"center\">Materia<\/td><td class=\"has-text-align-center\" data-align=\"center\">2\u00ba Cuatrimestre<\/td><\/tr><tr><td class=\"has-text-align-left\" data-align=\"left\">Lengua, Literatura y su Did\u00e1ctica II<\/td><td class=\"has-text-align-center\" data-align=\"center\">96 hs<\/td><td class=\"has-text-align-center\" data-align=\"center\">Materia<\/td><td class=\"has-text-align-center\" data-align=\"center\">Anual<\/td><\/tr><tr><td class=\"has-text-align-left\" data-align=\"left\">Matem\u00e1tica y su Did\u00e1ctica II<\/td><td class=\"has-text-align-center\" data-align=\"center\">96 hs<\/td><td class=\"has-text-align-center\" data-align=\"center\">Materia<\/td><td class=\"has-text-align-center\" data-align=\"center\">Anual<\/td><\/tr><tr><td class=\"has-text-align-left\" data-align=\"left\">Ciencias Sociales y su Did\u00e1ctica II<\/td><td class=\"has-text-align-center\" data-align=\"center\">96 hs<\/td><td class=\"has-text-align-center\" data-align=\"center\">Materia<\/td><td class=\"has-text-align-center\" data-align=\"center\">Anual<\/td><\/tr><tr><td class=\"has-text-align-left\" data-align=\"left\">Ciencias Naturales y su Did\u00e1ctica II<\/td><td class=\"has-text-align-center\" data-align=\"center\">96 hs<\/td><td class=\"has-text-align-center\" data-align=\"center\">Materia<\/td><td class=\"has-text-align-center\" data-align=\"center\">Anual<\/td><\/tr><tr><td class=\"has-text-align-left\" data-align=\"left\">Pr\u00e1ctica de la Ense\u00f1anza<\/td><td class=\"has-text-align-center\" data-align=\"center\">112 hs<\/td><td class=\"has-text-align-center\" data-align=\"center\">Pr\u00e1ctica<\/td><td class=\"has-text-align-center\" data-align=\"center\">Anual<\/td><\/tr><tr><td class=\"has-text-align-left\" data-align=\"left\">Taller Integrador Orientado III <br>(El rol docente en la modalidad<br>domiciliaria y hospitalaria)<\/td><td class=\"has-text-align-center\" data-align=\"center\">64 hs<\/td><td class=\"has-text-align-center\" data-align=\"center\">Taller<\/td><td class=\"has-text-align-center\" data-align=\"center\">Anual<\/td><\/tr><tr><td class=\"has-text-align-left\" data-align=\"left\">Seminario de Orientaci\u00f3n Integrado: <br>Transversalidad e interdisciplina<\/td><td class=\"has-text-align-center\" data-align=\"center\">32 hs<\/td><td class=\"has-text-align-center\" data-align=\"center\">Seminario<\/td><td class=\"has-text-align-center\" data-align=\"center\">Mensual integrado<br>a la pr\u00e1ctica<\/td><\/tr><\/tbody><\/table><\/figure>\n\n\n\n<p><strong>Materias de 4\u00ba A\u00f1o<\/strong><\/p>\n\n\n\n<figure class=\"wp-block-table aligncenter is-style-stripes\"><table><tbody><tr><td class=\"has-text-align-left\" data-align=\"left\"><strong>Nombre<\/strong><\/td><td class=\"has-text-align-center\" data-align=\"center\"><strong>Carga horaria<\/strong><\/td><td class=\"has-text-align-center\" data-align=\"center\"><strong>Tipo<\/strong><\/td><td class=\"has-text-align-center\" data-align=\"center\"><strong>Per\u00edodo<\/strong><\/td><\/tr><tr><td class=\"has-text-align-left\" data-align=\"left\">Recursos Digitales, <br>Programaci\u00f3n y Rob\u00f3tica<\/td><td class=\"has-text-align-center\" data-align=\"center\">48 hs<\/td><td class=\"has-text-align-center\" data-align=\"center\">Taller<\/td><td class=\"has-text-align-center\" data-align=\"center\">1\u00ba Cuatrimestre<\/td><\/tr><tr><td class=\"has-text-align-left\" data-align=\"left\">Lenguajes art\u00edsticos: <br>Artes Visuales<\/td><td class=\"has-text-align-center\" data-align=\"center\">32 hs<\/td><td class=\"has-text-align-center\" data-align=\"center\">Taller<\/td><td class=\"has-text-align-center\" data-align=\"center\">1\u00ba Cuatrimestre<\/td><\/tr><tr><td class=\"has-text-align-left\" data-align=\"left\">Corporalidades y Salud Integral<\/td><td class=\"has-text-align-center\" data-align=\"center\">32 hs<\/td><td class=\"has-text-align-center\" data-align=\"center\">Taller Vivencial<\/td><td class=\"has-text-align-center\" data-align=\"center\">1\u00ba Cuatrimestre<\/td><\/tr><tr><td class=\"has-text-align-left\" data-align=\"left\">Literatura Infantil y Juvenil<\/td><td class=\"has-text-align-center\" data-align=\"center\">48 hs<\/td><td class=\"has-text-align-center\" data-align=\"center\">Taller<\/td><td class=\"has-text-align-center\" data-align=\"center\">2\u00ba Cuatrimestre<\/td><\/tr><tr><td class=\"has-text-align-left\" data-align=\"left\">Lengua y Cultura Extranjera:<br>Ingl\u00e9s o Portugu\u00e9s<\/td><td class=\"has-text-align-center\" data-align=\"center\">48 hs<\/td><td class=\"has-text-align-center\" data-align=\"center\">Materia<\/td><td class=\"has-text-align-center\" data-align=\"center\">2\u00ba Cuatrimestre<\/td><\/tr><tr><td class=\"has-text-align-left\" data-align=\"left\">Taller Integrador Orientado IV<\/td><td class=\"has-text-align-center\" data-align=\"center\">64 hs<\/td><td class=\"has-text-align-center\" data-align=\"center\">Taller<\/td><td class=\"has-text-align-center\" data-align=\"center\">Anual<\/td><\/tr><tr><td class=\"has-text-align-left\" data-align=\"left\">Residencia Docente<\/td><td class=\"has-text-align-center\" data-align=\"center\">240 hs<\/td><td class=\"has-text-align-center\" data-align=\"center\">Pr\u00e1ctica<\/td><td class=\"has-text-align-center\" data-align=\"center\">Anual<\/td><\/tr><tr><td class=\"has-text-align-left\" data-align=\"left\">Seminario de Orientaci\u00f3n Integrado<\/td><td class=\"has-text-align-center\" data-align=\"center\">64 hs<\/td><td class=\"has-text-align-center\" data-align=\"center\">Semiario<\/td><td class=\"has-text-align-center\" data-align=\"center\">Mensual integrado<br>a la pr\u00e1ctica<\/td><\/tr><tr><td class=\"has-text-align-left\" data-align=\"left\">Taller de Escritura Pedag\u00f3gica<\/td><td class=\"has-text-align-center\" data-align=\"center\">32 hs<\/td><td class=\"has-text-align-center\" data-align=\"center\">Taller<\/td><td class=\"has-text-align-center\" data-align=\"center\">Mensual integrado<br>al seminario<\/td><\/tr><\/tbody><\/table><\/figure>\n\n\n\n<p><strong>R\u00e9gimen de Correlatividades<\/strong><\/p>\n\n\n\n<div class=\"wp-block-file\"><object class=\"wp-block-file__embed\" data=\"https:\/\/iesstarosa-slu.infd.edu.ar\/sitio\/wp-content\/uploads\/2024\/03\/Regimen-Academico-2.pdf\" type=\"application\/pdf\" style=\"width:100%;height:600px\" aria-label=\"Incrustado de Regimen-Academico-2.\"><\/object><a id=\"wp-block-file--media-f3f093ec-5156-4868-b64a-ce543219dda2\" href=\"https:\/\/iesstarosa-slu.infd.edu.ar\/sitio\/wp-content\/uploads\/2024\/03\/Regimen-Academico-2.pdf\">Regimen-Academico-2<\/a><a href=\"https:\/\/iesstarosa-slu.infd.edu.ar\/sitio\/wp-content\/uploads\/2024\/03\/Regimen-Academico-2.pdf\" class=\"wp-block-file__button wp-element-button\" download aria-describedby=\"wp-block-file--media-f3f093ec-5156-4868-b64a-ce543219dda2\">Descarga<\/a><\/div>\n","protected":false},"excerpt":{"rendered":"<p>Profesorado de Educaci\u00f3n Primaria con Orientaci\u00f3n en Educaci\u00f3n Domiciliaria y Hospitalaria Resoluci\u00f3n N\u00ba3-ME-2022 Acerca de la carrera La Ley de Educaci\u00f3n Nacional N\u00b0 26.206, define a la Educaci\u00f3n Domiciliaria y Hospitalaria como una modalidad del Sistema Educativo Nacional \u201c destinada a garantizar el derecho a la educaci\u00f3n de los\/as alumnos\/as que, por razones de salud, &#8230; <a title=\"Plan de Estudio\" class=\"read-more\" href=\"https:\/\/iesstarosa-slu.infd.edu.ar\/sitio\/catalogo\/plan-de-estudio\/\" aria-label=\"More on Plan de Estudio\">[+]<\/a><\/p>\n","protected":false},"author":6,"featured_media":0,"parent":644,"menu_order":0,"comment_status":"closed","ping_status":"closed","template":"","meta":[],"acf":[],"_links":{"self":[{"href":"https:\/\/iesstarosa-slu.infd.edu.ar\/sitio\/wp-json\/wp\/v2\/pages\/734"}],"collection":[{"href":"https:\/\/iesstarosa-slu.infd.edu.ar\/sitio\/wp-json\/wp\/v2\/pages"}],"about":[{"href":"https:\/\/iesstarosa-slu.infd.edu.ar\/sitio\/wp-json\/wp\/v2\/types\/page"}],"author":[{"embeddable":true,"href":"https:\/\/iesstarosa-slu.infd.edu.ar\/sitio\/wp-json\/wp\/v2\/users\/6"}],"replies":[{"embeddable":true,"href":"https:\/\/iesstarosa-slu.infd.edu.ar\/sitio\/wp-json\/wp\/v2\/comments?post=734"}],"version-history":[{"count":20,"href":"https:\/\/iesstarosa-slu.infd.edu.ar\/sitio\/wp-json\/wp\/v2\/pages\/734\/revisions"}],"predecessor-version":[{"id":1898,"href":"https:\/\/iesstarosa-slu.infd.edu.ar\/sitio\/wp-json\/wp\/v2\/pages\/734\/revisions\/1898"}],"up":[{"embeddable":true,"href":"https:\/\/iesstarosa-slu.infd.edu.ar\/sitio\/wp-json\/wp\/v2\/pages\/644"}],"wp:attachment":[{"href":"https:\/\/iesstarosa-slu.infd.edu.ar\/sitio\/wp-json\/wp\/v2\/media?parent=734"}],"curies":[{"name":"wp","href":"https:\/\/api.w.org\/{rel}","templated":true}]}}